{"id":5645,"date":"1887-07-01T00:00:09","date_gmt":"1887-07-01T00:00:09","guid":{"rendered":"https:\/\/la-presse-anarchiste.net\/?page_id=5645"},"modified":"2024-04-30T11:22:20","modified_gmt":"2024-04-30T11:22:20","slug":"lautonomie-individuelle-n3-juillet-1887","status":"publish","type":"page","link":"https:\/\/la-presse-anarchiste.net\/index.php\/lautonomie-individuelle-1887-1888\/lautonomie-individuelle-n3-juillet-1887\/","title":{"rendered":"L\u2019Autonomie Individuelle n\u00b03"},"content":{"rendered":"<div class=\"pdfprnt-buttons pdfprnt-buttons-page pdfprnt-top-right\"><a href=\"https:\/\/la-presse-anarchiste.net\/index.php\/wp-json\/wp\/v2\/pages\/5645?print=pdf\" class=\"pdfprnt-button pdfprnt-button-pdf\" target=\"_blank\"><img decoding=\"async\" src=\"https:\/\/la-presse-anarchiste.net\/wp-content\/plugins\/pdf-print\/images\/pdf.png\" alt=\"image_pdf\" title=\"Afficher le PDF\"><\/a><a href=\"https:\/\/la-presse-anarchiste.net\/index.php\/wp-json\/wp\/v2\/pages\/5645?print=print\" class=\"pdfprnt-button pdfprnt-button-print\" target=\"_blank\"><img decoding=\"async\" src=\"https:\/\/la-presse-anarchiste.net\/wp-content\/plugins\/pdf-print\/images\/print.png\" alt=\"image_print\" title=\"Contenu imprim\u00e9\"><\/a><\/div><h5>Au sommaire<\/h5>\n<ul>\n<li><a href=\"https:\/\/la-presse-anarchiste.net\/index.php\/2009\/02\/26\/les-belges-et-la-revolution\/\">Les Belges et la R\u00e9vo\u00adlu\u00adtion<\/a> (Charles Sch\u00e6ffer)<\/li>\n<li><a href=\"https:\/\/la-presse-anarchiste.net\/index.php\/1887\/07\/01\/sottise-humaine-2\/\">Sot\u00adtise humaine<\/a> (Jean-Bap\u00adtiste Louiche)<\/li>\n<li><a href=\"https:\/\/la-presse-anarchiste.net\/index.php\/2009\/02\/26\/le-jubile-de-victoria\/\">Le jubi\u00adl\u00e9 de Vic\u00adto\u00adria<\/a> (Patrick)<\/li>\n<li><a href=\"https:\/\/la-presse-anarchiste.net\/index.php\/2009\/02\/26\/lindividualisme-3\/\">L\u2019individualisme<\/a> (Georges Deherme)<\/li>\n<li><a href=\"https:\/\/la-presse-anarchiste.net\/index.php\/1887\/07\/01\/legalite-sociale\/\">L\u2019\u00e9galit\u00e9 sociale<\/a> (Alain Gouzien)<\/li>\n<li><a href=\"https:\/\/la-presse-anarchiste.net\/index.php\/1887\/07\/01\/correspondance-9\/\">Cor\u00adres\u00adpon\u00addance d\u2019Italie<\/a> (XXX)<\/li>\n<li><a href=\"https:\/\/la-presse-anarchiste.net\/index.php\/2009\/02\/26\/les-quais-de-demain-2\/\">Les quais de demain<\/a> (Charles Sch\u00e6ffer)<\/li>\n<li><a href=\"https:\/\/la-presse-anarchiste.net\/index.php\/2009\/02\/26\/la-decadence-bourgeoise-3\/\">La d\u00e9ca\u00addence bour\u00adgeoise<\/a> (George Deherme)<\/li>\n<\/ul>\n<hr>\n<p>La sous\u00adcrip\u00adtion, pour ce num\u00e9\u00adro, s\u2019\u00e9l\u00e8ve \u00e0 13,75 francs. L\u2019imprimeur g\u00e9rant \u00e9tait Gra\u00adnier, 21 rue Vis\u00adcon\u00adti,&nbsp;Paris.<\/p>\n<p>En 4<sup>e<\/sup> de cou\u00adver\u00adture, la revue annonce la paru\u00adtion de <i>La femme ne doit pas tra\u00advailler<\/i> par le Soli\u00adtaire, du <i>R\u00e9vol\u00adt\u00e9<\/i>, de la <i>Revue Cos\u00admo\u00adpo\u00adlite<\/i>, du <i>Socia\u00adliste du Gard<\/i>, de l\u2019<i>avant-garde cos\u00admo\u00adpo\u00adlite<\/i>.<\/p>\n<p><i>T\u00eate de bois et oreilles d\u2019\u00e2nes<\/i>, bro\u00adchure \u00e9lec\u00adto\u00adrale est envoy\u00e9e \u00e0 chaque abonn\u00e9.<\/p>\n","protected":false},"excerpt":{"rendered":"<p>Juillet 1887<\/p>\n","protected":false},"author":8,"featured_media":5312,"parent":5311,"menu_order":3,"comment_status":"closed","ping_status":"closed","template":"wp-custom-template-cahiers-humanisme-libertaire","meta":{"wp_typography_post_enhancements_disabled":false,"footnotes":""},"categories":[],"tags":[],"ppma_author":[680],"class_list":["post-5645","page","type-page","status-publish","has-post-thumbnail","hentry"],"_links":{"self":[{"href":"https:\/\/la-presse-anarchiste.net\/index.php\/wp-json\/wp\/v2\/pages\/5645","targetHints":{"allow":["GET"]}}],"collection":[{"href":"https:\/\/la-presse-anarchiste.net\/index.php\/wp-json\/wp\/v2\/pages"}],"about":[{"href":"https:\/\/la-presse-anarchiste.net\/index.php\/wp-json\/wp\/v2\/types\/page"}],"author":[{"embeddable":true,"href":"https:\/\/la-presse-anarchiste.net\/index.php\/wp-json\/wp\/v2\/users\/8"}],"replies":[{"embeddable":true,"href":"https:\/\/la-presse-anarchiste.net\/index.php\/wp-json\/wp\/v2\/comments?post=5645"}],"version-history":[{"count":5,"href":"https:\/\/la-presse-anarchiste.net\/index.php\/wp-json\/wp\/v2\/pages\/5645\/revisions"}],"predecessor-version":[{"id":6304,"href":"https:\/\/la-presse-anarchiste.net\/index.php\/wp-json\/wp\/v2\/pages\/5645\/revisions\/6304"}],"up":[{"embeddable":true,"href":"https:\/\/la-presse-anarchiste.net\/index.php\/wp-json\/wp\/v2\/pages\/5311"}],"wp:featuredmedia":[{"embeddable":true,"href":"https:\/\/la-presse-anarchiste.net\/index.php\/wp-json\/wp\/v2\/media\/5312"}],"wp:attachment":[{"href":"https:\/\/la-presse-anarchiste.net\/index.php\/wp-json\/wp\/v2\/media?parent=5645"}],"wp:term":[{"taxonomy":"category","embeddable":true,"href":"https:\/\/la-presse-anarchiste.net\/index.php\/wp-json\/wp\/v2\/categories?post=5645"},{"taxonomy":"post_tag","embeddable":true,"href":"https:\/\/la-presse-anarchiste.net\/index.php\/wp-json\/wp\/v2\/tags?post=5645"},{"taxonomy":"author","embeddable":true,"href":"https:\/\/la-presse-anarchiste.net\/index.php\/wp-json\/wp\/v2\/ppma_author?post=5645"}],"curies":[{"name":"wp","href":"https:\/\/api.w.org\/{rel}","templated":true}]}}