{"id":5881,"date":"1963-08-01T00:00:15","date_gmt":"1963-08-01T00:00:15","guid":{"rendered":"https:\/\/la-presse-anarchiste.net\/?page_id=5881"},"modified":"2024-05-01T19:17:00","modified_gmt":"2024-05-01T19:17:00","slug":"cahiers-de-lhumanisme-libertaire-n93-94","status":"publish","type":"page","link":"https:\/\/la-presse-anarchiste.net\/index.php\/cahiers-de-lhumanisme-libertaire\/cahiers-de-lhumanisme-libertaire-1963\/cahiers-de-lhumanisme-libertaire-n93-94\/","title":{"rendered":"Cahiers de l\u2019Humanisme Libertaire n\u00b093\/94"},"content":{"rendered":"<div class=\"pdfprnt-buttons pdfprnt-buttons-page pdfprnt-top-right\"><a href=\"https:\/\/la-presse-anarchiste.net\/index.php\/wp-json\/wp\/v2\/pages\/5881?print=pdf\" class=\"pdfprnt-button pdfprnt-button-pdf\" target=\"_blank\"><img decoding=\"async\" src=\"https:\/\/la-presse-anarchiste.net\/wp-content\/plugins\/pdf-print\/images\/pdf.png\" alt=\"image_pdf\" title=\"Afficher le PDF\"><\/a><a href=\"https:\/\/la-presse-anarchiste.net\/index.php\/wp-json\/wp\/v2\/pages\/5881?print=print\" class=\"pdfprnt-button pdfprnt-button-print\" target=\"_blank\"><img decoding=\"async\" src=\"https:\/\/la-presse-anarchiste.net\/wp-content\/plugins\/pdf-print\/images\/print.png\" alt=\"image_print\" title=\"Contenu imprim\u00e9\"><\/a><\/div><p>Au som\u00admaire<\/p>\n<ul>\n<li><a href=\"https:\/\/la-presse-anarchiste.net\/index.php\/1963\/08\/01\/volonte-de-verite\/\">Volon\u00adt\u00e9 de v\u00e9rit\u00e9<\/a><\/li>\n<li>Entre\u00adtien avec nos&nbsp;amis&nbsp;<ul>\n<li><a href=\"https:\/\/la-presse-anarchiste.net\/index.php\/1963\/08\/01\/lecole-quil-nous-faut-fonder\/\">L\u2019\u00e9cole qu\u2019il nous faut fonder<\/a><\/li>\n<\/ul>\n<\/li>\n<li><a href=\"https:\/\/la-presse-anarchiste.net\/index.php\/1963\/08\/01\/ou-va-lanarchisme-espagnol\/\">O\u00f9 va l\u2019anarchisme espa\u00adgnol&nbsp;?<\/a> (Gas\u00adton&nbsp;Leval)<\/li>\n<li><a href=\"https:\/\/la-presse-anarchiste.net\/index.php\/1963\/08\/01\/la-liberte-metaphysique\/\">La liber\u00adt\u00e9 m\u00e9taphysique<\/a><\/li>\n<li><a href=\"https:\/\/la-presse-anarchiste.net\/index.php\/1963\/08\/01\/anarchisme-et-humanisme-libertaire\/\">Anar\u00adchisme et huma\u00adnisme libertaire<\/a><\/li>\n<li><a href=\"https:\/\/la-presse-anarchiste.net\/index.php\/1963\/08\/01\/lettre-a-deux-amis-humanistes\/\">Lettre \u00e0 deux amis humanistes<\/a><\/li>\n<li><a href=\"https:\/\/la-presse-anarchiste.net\/index.php\/1963\/08\/01\/discussion-3\/\">Dis\u00adcus\u00adsion<\/a> (Pre\u00adcias, Gas\u00adton&nbsp;Leval)<\/li>\n<li><a href=\"https:\/\/la-presse-anarchiste.net\/index.php\/1963\/08\/01\/jeunesse-ratatinee\/\">Jeu\u00adnesse ratatin\u00e9e<\/a><\/li>\n<li><a href=\"https:\/\/la-presse-anarchiste.net\/index.php\/1963\/08\/01\/nouvelles-revelations-de-castro\/\">Nou\u00advelles r\u00e9v\u00e9\u00adla\u00adtions de Castro<\/a><\/li>\n<li><a href=\"https:\/\/la-presse-anarchiste.net\/index.php\/1963\/08\/01\/libre-analyse-de-faits-economiques\/\">Libre ana\u00adlyse de faits \u00e9co\u00adno\u00admiques<\/a> (Phi\u00adlippe&nbsp;Verne)<\/li>\n<li><a href=\"https:\/\/la-presse-anarchiste.net\/index.php\/1963\/08\/01\/lhomme-dans-lindustrie\/\">L\u2019homme dans l\u2019industrie<\/a> (6) (Jacques Bouy\u00e9)<\/li>\n<li><a href=\"https:\/\/la-presse-anarchiste.net\/index.php\/2016\/10\/13\/sur-la-patrie\/\">Sur la patrie<\/a> (Mar\u00adcel&nbsp;Renot)<\/li>\n<li><a href=\"https:\/\/la-presse-anarchiste.net\/index.php\/1963\/08\/01\/les-purs-de-purs\/\">Les purs de&nbsp;purs<\/a><\/li>\n<li><a href=\"https:\/\/la-presse-anarchiste.net\/index.php\/1963\/08\/01\/letat-et-le-capital\/\">L\u2019\u00c9tat et le capi\u00adtal<\/a> (Luce&nbsp;Ottie)<\/li>\n<li><a href=\"https:\/\/la-presse-anarchiste.net\/index.php\/1963\/08\/01\/la-pensee-derich-fromm-2\/\">La pen\u00ads\u00e9e d\u2019Erich Fromm<\/a> (3 et fin) (Mathilde Niel)<\/li>\n<li><a href=\"https:\/\/la-presse-anarchiste.net\/index.php\/1963\/08\/01\/actionnariat\/\">Action\u00adna\u00adriat<\/a><\/li>\n<li><a href=\"https:\/\/la-presse-anarchiste.net\/index.php\/1963\/08\/01\/une-experience-passionnante-2\/\">Une exp\u00e9\u00adrience pas\u00adsion\u00adnante<\/a> (3) (Lau\u00adrea\u00adno&nbsp;Riera)<\/li>\n<li><a href=\"https:\/\/la-presse-anarchiste.net\/index.php\/1963\/08\/01\/rehabilitation\/\">R\u00e9ha\u00adbi\u00adli\u00adta\u00adtion<\/a><\/li>\n<\/ul>\n","protected":false},"excerpt":{"rendered":"<p>Ao\u00fbt\/\u200bSeptembre 1963<\/p>\n","protected":false},"author":8,"featured_media":4367,"parent":7269,"menu_order":93,"comment_status":"closed","ping_status":"closed","template":"wp-custom-template-cahiers-humanisme-libertaire","meta":{"wp_typography_post_enhancements_disabled":false,"footnotes":""},"categories":[953],"tags":[],"ppma_author":[680],"class_list":["post-5881","page","type-page","status-publish","has-post-thumbnail","hentry","category-cahiers-de-lhumanisme-libertaire-pour-1963"],"_links":{"self":[{"href":"https:\/\/la-presse-anarchiste.net\/index.php\/wp-json\/wp\/v2\/pages\/5881","targetHints":{"allow":["GET"]}}],"collection":[{"href":"https:\/\/la-presse-anarchiste.net\/index.php\/wp-json\/wp\/v2\/pages"}],"about":[{"href":"https:\/\/la-presse-anarchiste.net\/index.php\/wp-json\/wp\/v2\/types\/page"}],"author":[{"embeddable":true,"href":"https:\/\/la-presse-anarchiste.net\/index.php\/wp-json\/wp\/v2\/users\/8"}],"replies":[{"embeddable":true,"href":"https:\/\/la-presse-anarchiste.net\/index.php\/wp-json\/wp\/v2\/comments?post=5881"}],"version-history":[{"count":7,"href":"https:\/\/la-presse-anarchiste.net\/index.php\/wp-json\/wp\/v2\/pages\/5881\/revisions"}],"predecessor-version":[{"id":7314,"href":"https:\/\/la-presse-anarchiste.net\/index.php\/wp-json\/wp\/v2\/pages\/5881\/revisions\/7314"}],"up":[{"embeddable":true,"href":"https:\/\/la-presse-anarchiste.net\/index.php\/wp-json\/wp\/v2\/pages\/7269"}],"wp:featuredmedia":[{"embeddable":true,"href":"https:\/\/la-presse-anarchiste.net\/index.php\/wp-json\/wp\/v2\/media\/4367"}],"wp:attachment":[{"href":"https:\/\/la-presse-anarchiste.net\/index.php\/wp-json\/wp\/v2\/media?parent=5881"}],"wp:term":[{"taxonomy":"category","embeddable":true,"href":"https:\/\/la-presse-anarchiste.net\/index.php\/wp-json\/wp\/v2\/categories?post=5881"},{"taxonomy":"post_tag","embeddable":true,"href":"https:\/\/la-presse-anarchiste.net\/index.php\/wp-json\/wp\/v2\/tags?post=5881"},{"taxonomy":"author","embeddable":true,"href":"https:\/\/la-presse-anarchiste.net\/index.php\/wp-json\/wp\/v2\/ppma_author?post=5881"}],"curies":[{"name":"wp","href":"https:\/\/api.w.org\/{rel}","templated":true}]}}