{"id":6025,"date":"1887-12-01T00:00:10","date_gmt":"1887-12-01T00:00:10","guid":{"rendered":"https:\/\/la-presse-anarchiste.net\/?page_id=6025"},"modified":"2024-05-01T07:15:46","modified_gmt":"2024-05-01T07:15:46","slug":"lautonomie-individuelle-n7","status":"publish","type":"page","link":"https:\/\/la-presse-anarchiste.net\/index.php\/lautonomie-individuelle-1887-1888\/lautonomie-individuelle-n7\/","title":{"rendered":"L\u2019Autonomie Individuelle n\u00b07"},"content":{"rendered":"<div class=\"pdfprnt-buttons pdfprnt-buttons-page pdfprnt-top-right\"><a href=\"https:\/\/la-presse-anarchiste.net\/index.php\/wp-json\/wp\/v2\/pages\/6025?print=pdf\" class=\"pdfprnt-button pdfprnt-button-pdf\" target=\"_blank\"><img decoding=\"async\" src=\"https:\/\/la-presse-anarchiste.net\/wp-content\/plugins\/pdf-print\/images\/pdf.png\" alt=\"image_pdf\" title=\"Afficher le PDF\"><\/a><a href=\"https:\/\/la-presse-anarchiste.net\/index.php\/wp-json\/wp\/v2\/pages\/6025?print=print\" class=\"pdfprnt-button pdfprnt-button-print\" target=\"_blank\"><img decoding=\"async\" src=\"https:\/\/la-presse-anarchiste.net\/wp-content\/plugins\/pdf-print\/images\/print.png\" alt=\"image_print\" title=\"Contenu imprim\u00e9\"><\/a><\/div><h5>Au sommaire<\/h5>\n<ul>\n<li><a href=\"https:\/\/la-presse-anarchiste.net\/index.php\/1887\/01\/01\/pourriture-sociale\/\">Pour\u00adri\u00adture sociale<\/a>&nbsp;(A. Carteron)<\/li>\n<li><a href=\"https:\/\/la-presse-anarchiste.net\/index.php\/1887\/12\/01\/leconomie-politique\/\">L\u2019\u00e9conomie poli\u00adtique<\/a>&nbsp;(Julen\u00addr\u00e9)<\/li>\n<li><a href=\"https:\/\/la-presse-anarchiste.net\/index.php\/1887\/12\/01\/lembleme\/\">L\u2019embl\u00e8me<\/a>&nbsp;(J.-K. Huysmans)<\/li>\n<li><a href=\"https:\/\/la-presse-anarchiste.net\/index.php\/1887\/12\/01\/protection-et-libre-echange\/\">Pro\u00adtec\u00adtion et libre \u00e9change<\/a>&nbsp;(G. Deherme)<\/li>\n<li><a href=\"https:\/\/la-presse-anarchiste.net\/index.php\/1887\/12\/01\/les-quais-de-demain-6\/\">Les quais de demain<\/a>&nbsp;(Col\u00adline)\n<ul>\n<li>La d\u00e9ca\u00addence bourgeoise<br>\n<a href=\"https:\/\/la-presse-anarchiste.net\/index.php\/1887\/12\/01\/la-decadence-bourgeoise-5\/\">p\u00e9riode pro\u00adgres\u00adsive (1792\u200a\u2013\u200a1830)<\/a>&nbsp;(G. Deherme)<\/li>\n<\/ul>\n<\/li>\n<li><a href=\"https:\/\/la-presse-anarchiste.net\/index.php\/1887\/12\/01\/chronique-du-mois\/\">Chro\u00adnique du mois<\/a>&nbsp;(N\u00e9mo)<\/li>\n<\/ul>\n<p>La revue pr\u00e9\u00adcise, dans la petite correspondance&nbsp;:<\/p>\n<p style=\"text-align: justify;\"><b>Anar\u00adchie<\/b>, en un seul mot, prend un sens poli\u00adtique et repr\u00e9\u00adsente l\u2019\u00c9tat d\u2019un peuple qui n\u2019a plus de chef, plus d\u2019autorit\u00e9 \u00e0 laquelle il ob\u00e9isse, o\u00f9 le pou\u00advoir gou\u00adver\u00adne\u00admen\u00adtal est entra\u00adv\u00e9 ou sus\u00adpen\u00addu. Par exten\u00adsion, on fait du mot, dans le lan\u00adgage cou\u00adrant, le syno\u00adnyme de d\u00e9sordre et de confu\u00adsion.\u200a\u2014\u200a<b>An-Archie<\/b>, en deux mots, avec la divi\u00adsion comme l\u2019a \u00e9crit Prou\u00addhon, est l\u2019expression d\u2019un \u00e9tat social dans lequel l\u2019ordre r\u00e9sul\u00adte\u00adra des libres rap\u00adports \u00e9co\u00adno\u00admiques des indi\u00advi\u00addus sans consti\u00adtu\u00adtion d\u2019autorit\u00e9 politique.<\/p>\n<p style=\"text-align: justify;\">Ain\u00adsi ortho\u00adgra\u00adphi\u00e9, le mot exprime plus exac\u00adte\u00adment notre id\u00e9e et nous para\u00eet moins sujet aux inter\u00adpr\u00e9\u00adta\u00adtions fan\u00adtas\u00adtiques qu\u2019on en fait en g\u00e9n\u00e9ral.<\/p>\n","protected":false},"excerpt":{"rendered":"<p>D\u00e9cembre 1887<\/p>\n","protected":false},"author":8,"featured_media":5312,"parent":5311,"menu_order":7,"comment_status":"closed","ping_status":"closed","template":"wp-custom-template-cahiers-humanisme-libertaire","meta":{"wp_typography_post_enhancements_disabled":false,"footnotes":""},"categories":[287],"tags":[],"ppma_author":[680],"class_list":["post-6025","page","type-page","status-publish","has-post-thumbnail","hentry","category-lautonomie-individuelle-n7-decembre-1887"],"_links":{"self":[{"href":"https:\/\/la-presse-anarchiste.net\/index.php\/wp-json\/wp\/v2\/pages\/6025","targetHints":{"allow":["GET"]}}],"collection":[{"href":"https:\/\/la-presse-anarchiste.net\/index.php\/wp-json\/wp\/v2\/pages"}],"about":[{"href":"https:\/\/la-presse-anarchiste.net\/index.php\/wp-json\/wp\/v2\/types\/page"}],"author":[{"embeddable":true,"href":"https:\/\/la-presse-anarchiste.net\/index.php\/wp-json\/wp\/v2\/users\/8"}],"replies":[{"embeddable":true,"href":"https:\/\/la-presse-anarchiste.net\/index.php\/wp-json\/wp\/v2\/comments?post=6025"}],"version-history":[{"count":4,"href":"https:\/\/la-presse-anarchiste.net\/index.php\/wp-json\/wp\/v2\/pages\/6025\/revisions"}],"predecessor-version":[{"id":6300,"href":"https:\/\/la-presse-anarchiste.net\/index.php\/wp-json\/wp\/v2\/pages\/6025\/revisions\/6300"}],"up":[{"embeddable":true,"href":"https:\/\/la-presse-anarchiste.net\/index.php\/wp-json\/wp\/v2\/pages\/5311"}],"wp:featuredmedia":[{"embeddable":true,"href":"https:\/\/la-presse-anarchiste.net\/index.php\/wp-json\/wp\/v2\/media\/5312"}],"wp:attachment":[{"href":"https:\/\/la-presse-anarchiste.net\/index.php\/wp-json\/wp\/v2\/media?parent=6025"}],"wp:term":[{"taxonomy":"category","embeddable":true,"href":"https:\/\/la-presse-anarchiste.net\/index.php\/wp-json\/wp\/v2\/categories?post=6025"},{"taxonomy":"post_tag","embeddable":true,"href":"https:\/\/la-presse-anarchiste.net\/index.php\/wp-json\/wp\/v2\/tags?post=6025"},{"taxonomy":"author","embeddable":true,"href":"https:\/\/la-presse-anarchiste.net\/index.php\/wp-json\/wp\/v2\/ppma_author?post=6025"}],"curies":[{"name":"wp","href":"https:\/\/api.w.org\/{rel}","templated":true}]}}