{"id":8799,"date":"1922-05-31T00:00:59","date_gmt":"1922-05-31T00:00:59","guid":{"rendered":"https:\/\/la-presse-anarchiste.net\/?page_id=8799"},"modified":"2025-07-15T14:00:21","modified_gmt":"2025-07-15T14:00:21","slug":"len-dehors-n1","status":"publish","type":"page","link":"https:\/\/la-presse-anarchiste.net\/index.php\/len-dehors\/len-dehors-n1\/","title":{"rendered":"L\u2019en-dehors n\u00b01"},"content":{"rendered":"<div class=\"pdfprnt-buttons pdfprnt-buttons-page pdfprnt-top-right\"><a href=\"https:\/\/la-presse-anarchiste.net\/index.php\/wp-json\/wp\/v2\/pages\/8799?print=pdf\" class=\"pdfprnt-button pdfprnt-button-pdf\" target=\"_blank\"><img decoding=\"async\" src=\"https:\/\/la-presse-anarchiste.net\/wp-content\/plugins\/pdf-print\/images\/pdf.png\" alt=\"image_pdf\" title=\"Afficher le PDF\"><\/a><a href=\"https:\/\/la-presse-anarchiste.net\/index.php\/wp-json\/wp\/v2\/pages\/8799?print=print\" class=\"pdfprnt-button pdfprnt-button-print\" target=\"_blank\"><img decoding=\"async\" src=\"https:\/\/la-presse-anarchiste.net\/wp-content\/plugins\/pdf-print\/images\/print.png\" alt=\"image_print\" title=\"Contenu imprim\u00e9\"><\/a><\/div><p style=\"text-align: justify;\">E. Armand avait \u00e9t\u00e9 inter\u00adn\u00e9 pen\u00addant la pre\u00admi\u00e8re guerre mon\u00addiale, condam\u00adn\u00e9 \u00e0 5 ans d\u2019emprisonnement \u00e0 la cen\u00adtrale de N\u00eemes, il voit sa peine l\u00e9g\u00e8\u00adre\u00adment r\u00e9duite apr\u00e8s une tr\u00e8s forte cam\u00adpagne de soutien.<\/p>\n<p style=\"text-align: justify;\">Aus\u00adsi\u00adt\u00f4t lib\u00e9\u00adr\u00e9, il lance&nbsp;<i>l\u2019en-dehors<\/i>&nbsp;qui dure\u00adra jusqu\u2019au d\u00e9but de la seconde guerre.<\/p>\n<p style=\"text-align: justify;\">Ce pre\u00admier num\u00e9\u00adro n\u2019\u00e9tait qu\u2019un num\u00e9\u00adro visant \u00e0 reprendre contact et lan\u00adcer la nou\u00advelle revue, elle ne contient qu\u2019un seul \u00ab&nbsp;r\u00e9el&nbsp;\u00bb article. Contrai\u00adre\u00adment \u00e0 l\u2019habitude que j\u2019ai pris jusque l\u00e0, j\u2019ai retrans\u00adcrit l\u2019int\u00e9gralit\u00e9 des noms des sous\u00adcrip\u00adteurs ayant par\u00adti\u00adci\u00adp\u00e9 au finan\u00adce\u00adment de la cam\u00adpagne pour la lib\u00e9\u00adra\u00adtion d\u2019Armand, j\u2019ai pen\u00ads\u00e9 que la connais\u00adsances de ces noms pou\u00advaient, peut-\u00eatre int\u00e9\u00adres\u00ads\u00e9 quelques-uns des lec\u00adteurs du&nbsp;site.<\/p>\n<p style=\"text-align: justify;\">A noter que ce jour\u00adnal a \u00e9t\u00e9 impri\u00adm\u00e9 \u00e0 l\u2019imprimerie \u00ab&nbsp;la labo\u00adrieuse&nbsp;\u00bb et que le pre\u00admier g\u00e9ant fut Lucien Mevel, prin\u00adci\u00adpal ani\u00adma\u00adteur du comi\u00adt\u00e9 \u00ab&nbsp;les amis d\u2019E. Armand&nbsp;\u00bb qui avait pour but de par\u00adve\u00adnir \u00e0 sa lib\u00e9ration.<\/p>\n<p style=\"text-align: justify;\">Enfin, le jour\u00adnal annonce une \u00ab&nbsp;jour\u00adn\u00e9e en plein air en cama\u00adra\u00adde\u00adrie&nbsp;\u00bb orga\u00adni\u00ads\u00e9e par \u00ab&nbsp;les amis d\u2019E. Armand&nbsp;\u00bb pour le dimanche 4 juin 1922&nbsp;: pro\u00adme\u00adnade au <i>Tapis vert<\/i>&nbsp;(bois de Cla\u00admard-Meu\u00addon), d\u00e9part \u00e0 9h. avec pour l\u2019apr\u00e8s-midi, cau\u00adse\u00adrie de E. Armand sur des sujets d\u2019actualit\u00e9.<\/p>\n<p style=\"text-align: justify;\"><strong>Au som\u00admaire&nbsp;:<\/strong><\/p>\n<ul style=\"text-align: justify;\">\n<li><a href=\"https:\/\/la-presse-anarchiste.net\/index.php\/1922\/05\/31\/resurrection\/\">R\u00e9sur\u00adrec\u00adtion<\/a>\u2026&nbsp;(E. Armand)<\/li>\n<li><a href=\"https:\/\/la-presse-anarchiste.net\/index.php\/1922\/05\/31\/len-dehors-2\/\">L\u2019en-dehors<\/a><\/li>\n<li><a href=\"https:\/\/la-presse-anarchiste.net\/index.php\/1922\/05\/31\/reglement-de-comptes\/\">R\u00e8gle\u00adment de comptes<\/a><\/li>\n<li><a href=\"https:\/\/la-presse-anarchiste.net\/index.php\/2016\/10\/07\/perspective\/\">Pers\u00adpec\u00adtive<\/a>&nbsp;(E. Armand).<\/li>\n<\/ul>\n<p style=\"text-align: justify;\">La pre\u00admi\u00e8re liste de sous\u00adcrip\u00adtion est essen\u00adtiel\u00adle\u00adment com\u00adpo\u00ads\u00e9e des fonds remit \u00e0 Armand au moment de sa lib\u00e9\u00adra\u00adtion et de la vente de vieilles col\u00adlec\u00adtions de ses anciennes revues. Elle s\u2019\u00e9l\u00e8ve \u00e0 1178,30 francs.<\/p>\n<p style=\"text-align: justify;\">E. Armand lance aus\u00adsi la sous\u00adcrip\u00adtion pour l\u2019\u00e9dition du livre qui allait r\u00e9su\u00adm\u00e9 toute sa vision anar\u00adchiste indi\u00advi\u00addua\u00adliste&nbsp;: <i>L\u2019initiation indi\u00advi\u00addua\u00adliste anar\u00adchiste<\/i>.<\/p>\n","protected":false},"excerpt":{"rendered":"<p>31 mai&nbsp;1922<\/p>\n","protected":false},"author":1,"featured_media":8804,"parent":8796,"menu_order":1,"comment_status":"closed","ping_status":"closed","template":"wp-custom-template-cahiers-humanisme-libertaire","meta":{"wp_typography_post_enhancements_disabled":false,"footnotes":""},"categories":[],"tags":[],"ppma_author":[540],"class_list":["post-8799","page","type-page","status-publish","has-post-thumbnail","hentry"],"_links":{"self":[{"href":"https:\/\/la-presse-anarchiste.net\/index.php\/wp-json\/wp\/v2\/pages\/8799","targetHints":{"allow":["GET"]}}],"collection":[{"href":"https:\/\/la-presse-anarchiste.net\/index.php\/wp-json\/wp\/v2\/pages"}],"about":[{"href":"https:\/\/la-presse-anarchiste.net\/index.php\/wp-json\/wp\/v2\/types\/page"}],"author":[{"embeddable":true,"href":"https:\/\/la-presse-anarchiste.net\/index.php\/wp-json\/wp\/v2\/users\/1"}],"replies":[{"embeddable":true,"href":"https:\/\/la-presse-anarchiste.net\/index.php\/wp-json\/wp\/v2\/comments?post=8799"}],"version-history":[{"count":5,"href":"https:\/\/la-presse-anarchiste.net\/index.php\/wp-json\/wp\/v2\/pages\/8799\/revisions"}],"predecessor-version":[{"id":8816,"href":"https:\/\/la-presse-anarchiste.net\/index.php\/wp-json\/wp\/v2\/pages\/8799\/revisions\/8816"}],"up":[{"embeddable":true,"href":"https:\/\/la-presse-anarchiste.net\/index.php\/wp-json\/wp\/v2\/pages\/8796"}],"wp:featuredmedia":[{"embeddable":true,"href":"https:\/\/la-presse-anarchiste.net\/index.php\/wp-json\/wp\/v2\/media\/8804"}],"wp:attachment":[{"href":"https:\/\/la-presse-anarchiste.net\/index.php\/wp-json\/wp\/v2\/media?parent=8799"}],"wp:term":[{"taxonomy":"category","embeddable":true,"href":"https:\/\/la-presse-anarchiste.net\/index.php\/wp-json\/wp\/v2\/categories?post=8799"},{"taxonomy":"post_tag","embeddable":true,"href":"https:\/\/la-presse-anarchiste.net\/index.php\/wp-json\/wp\/v2\/tags?post=8799"},{"taxonomy":"author","embeddable":true,"href":"https:\/\/la-presse-anarchiste.net\/index.php\/wp-json\/wp\/v2\/ppma_author?post=8799"}],"curies":[{"name":"wp","href":"https:\/\/api.w.org\/{rel}","templated":true}]}}