{"id":9032,"date":"0195-03-01T00:00:00","date_gmt":"0195-03-01T00:00:00","guid":{"rendered":"https:\/\/la-presse-anarchiste.net\/?page_id=9032"},"modified":"2025-08-01T16:45:25","modified_gmt":"2025-08-01T16:45:25","slug":"9032-2","status":"publish","type":"page","link":"https:\/\/la-presse-anarchiste.net\/index.php\/9032-2\/","title":{"rendered":"Noir &amp;&nbsp;Rouge"},"content":{"rendered":"<div class=\"pdfprnt-buttons pdfprnt-buttons-page pdfprnt-top-right\"><a href=\"https:\/\/la-presse-anarchiste.net\/index.php\/wp-json\/wp\/v2\/pages\/9032?print=pdf\" class=\"pdfprnt-button pdfprnt-button-pdf\" target=\"_blank\"><img decoding=\"async\" src=\"https:\/\/la-presse-anarchiste.net\/wp-content\/plugins\/pdf-print\/images\/pdf.png\" alt=\"image_pdf\" title=\"Afficher le PDF\"><\/a><a href=\"https:\/\/la-presse-anarchiste.net\/index.php\/wp-json\/wp\/v2\/pages\/9032?print=print\" class=\"pdfprnt-button pdfprnt-button-print\" target=\"_blank\"><img decoding=\"async\" src=\"https:\/\/la-presse-anarchiste.net\/wp-content\/plugins\/pdf-print\/images\/print.png\" alt=\"image_print\" title=\"Contenu imprim\u00e9\"><\/a><\/div><p>Revue fon\u00add\u00e9e par les G.A.A.R. (Groupe Anar\u00adchiste d\u2019Ac\u00adtion R\u00e9vo\u00adlu\u00adtion\u00adnaire), scis\u00adsion de la F.C.L. (F\u00e9d\u00e9\u00adra\u00adtion Com\u00admu\u00adniste Liber\u00adtaire) apr\u00e8s le congr\u00e8s de M\u00e2con de cette orga\u00adni\u00adsa\u00adtion (novembre 1953) pen\u00addant lequel la par\u00adti\u00adci\u00adpa\u00adtion aux \u00e9lec\u00adtions fut d\u00e9cid\u00e9e.<\/p>\n<p>Une par\u00adtie du groupe devait rejoindre la F.A. (F\u00e9d\u00e9\u00adra\u00adtion Anar\u00adchiste) en 1961 o\u00f9 ils for\u00adme\u00adront la ten\u00addance U.G.A.C. (Union des Groupes Anar\u00adchistes Communistes);<\/p>\n<p><em>Noir &amp; Rouge<\/em> eut 46 num\u00e9\u00adros, pas\u00adsant de simples feuilles ron\u00e9o\u00adt\u00e9s \u00e0 un for\u00admat, tou\u00adjours ron\u00e9o\u00adt\u00e9s, de bro\u00adchure puis deve\u00adnant impri\u00adm\u00e9. Elle eut une, rela\u00adtive, influence lors des \u00e9v\u00e9\u00adne\u00adment de Mai 1968, Daniel Cohn-Ben\u00addit ayant fait par\u00adtie du groupe.<\/p>\n<p>Une par\u00adtie du groupe \u00e9di\u00adteur se retrou\u00adva dans la<em> lan\u00adterne noire<\/em>&nbsp;revue dont la col\u00adlec\u00adtion com\u00adpl\u00e8te sera pr\u00e9\u00adsen\u00adt\u00e9e sur le&nbsp;site<\/p>\n<p>A quelques num\u00e9\u00adros pr\u00e8s, c\u2019est l\u2019en\u00adsemble de cette revue qui sera pr\u00e9\u00adsen\u00adt\u00e9e ici, mer\u00adci donc \u00e0 Frank Mintz qui m\u2019a pr\u00ea\u00adt\u00e9 une bonne par\u00adtie de sa col\u00adlec\u00adtion et \u00e0 Andr\u00e9 qui m\u2019a don\u00adn\u00e9 les num\u00e9\u00adros suivants.<\/p>\n<p>Le <em>Monde Liber\u00adtaire<\/em> \u00e0 publi\u00e9 un article consa\u00adcr\u00e9 \u00e0 Chris\u00adtian Lagant, l\u2019un des ani\u00adma\u00adteurs de cette revue et qui en fut le res\u00adpon\u00adsable \u201cl\u00e9gal\u201d.<\/p>\n","protected":false},"excerpt":{"rendered":"<p><sup class=\"numerator\">1956<\/sup>\u2044<sub class=\"denominator\">1970<\/sub><\/p>\n","protected":false},"author":8,"featured_media":9035,"parent":0,"menu_order":1550,"comment_status":"closed","ping_status":"closed","template":"wp-custom-template-cahiers-humanisme-libertaire","meta":{"wp_typography_post_enhancements_disabled":false,"footnotes":""},"categories":[],"tags":[],"ppma_author":[680],"class_list":["post-9032","page","type-page","status-publish","has-post-thumbnail","hentry"],"_links":{"self":[{"href":"https:\/\/la-presse-anarchiste.net\/index.php\/wp-json\/wp\/v2\/pages\/9032","targetHints":{"allow":["GET"]}}],"collection":[{"href":"https:\/\/la-presse-anarchiste.net\/index.php\/wp-json\/wp\/v2\/pages"}],"about":[{"href":"https:\/\/la-presse-anarchiste.net\/index.php\/wp-json\/wp\/v2\/types\/page"}],"author":[{"embeddable":true,"href":"https:\/\/la-presse-anarchiste.net\/index.php\/wp-json\/wp\/v2\/users\/8"}],"replies":[{"embeddable":true,"href":"https:\/\/la-presse-anarchiste.net\/index.php\/wp-json\/wp\/v2\/comments?post=9032"}],"version-history":[{"count":6,"href":"https:\/\/la-presse-anarchiste.net\/index.php\/wp-json\/wp\/v2\/pages\/9032\/revisions"}],"predecessor-version":[{"id":9726,"href":"https:\/\/la-presse-anarchiste.net\/index.php\/wp-json\/wp\/v2\/pages\/9032\/revisions\/9726"}],"wp:featuredmedia":[{"embeddable":true,"href":"https:\/\/la-presse-anarchiste.net\/index.php\/wp-json\/wp\/v2\/media\/9035"}],"wp:attachment":[{"href":"https:\/\/la-presse-anarchiste.net\/index.php\/wp-json\/wp\/v2\/media?parent=9032"}],"wp:term":[{"taxonomy":"category","embeddable":true,"href":"https:\/\/la-presse-anarchiste.net\/index.php\/wp-json\/wp\/v2\/categories?post=9032"},{"taxonomy":"post_tag","embeddable":true,"href":"https:\/\/la-presse-anarchiste.net\/index.php\/wp-json\/wp\/v2\/tags?post=9032"},{"taxonomy":"author","embeddable":true,"href":"https:\/\/la-presse-anarchiste.net\/index.php\/wp-json\/wp\/v2\/ppma_author?post=9032"}],"curies":[{"name":"wp","href":"https:\/\/api.w.org\/{rel}","templated":true}]}}