{"id":9476,"date":"1945-10-01T00:00:17","date_gmt":"1945-10-01T00:00:17","guid":{"rendered":"https:\/\/la-presse-anarchiste.net\/?page_id=9476"},"modified":"2025-07-30T06:37:22","modified_gmt":"2025-07-30T06:37:22","slug":"lunique-n4","status":"publish","type":"page","link":"https:\/\/la-presse-anarchiste.net\/index.php\/lunique\/lunique-n4\/","title":{"rendered":"L\u2019Unique n\u00b04"},"content":{"rendered":"<div class=\"pdfprnt-buttons pdfprnt-buttons-page pdfprnt-top-right\"><a href=\"https:\/\/la-presse-anarchiste.net\/index.php\/wp-json\/wp\/v2\/pages\/9476?print=pdf\" class=\"pdfprnt-button pdfprnt-button-pdf\" target=\"_blank\"><img decoding=\"async\" src=\"https:\/\/la-presse-anarchiste.net\/wp-content\/plugins\/pdf-print\/images\/pdf.png\" alt=\"image_pdf\" title=\"Afficher le PDF\"><\/a><a href=\"https:\/\/la-presse-anarchiste.net\/index.php\/wp-json\/wp\/v2\/pages\/9476?print=print\" class=\"pdfprnt-button pdfprnt-button-print\" target=\"_blank\"><img decoding=\"async\" src=\"https:\/\/la-presse-anarchiste.net\/wp-content\/plugins\/pdf-print\/images\/print.png\" alt=\"image_print\" title=\"Contenu imprim\u00e9\"><\/a><\/div><p><strong>Au som\u00admaire&nbsp;:<\/strong><\/p>\n<ul>\n<li><a href=\"https:\/\/la-presse-anarchiste.net\/index.php\/1945\/10\/01\/entre-nous-3\/\">Entre nous<\/a> (E. Armand)<\/li>\n<li><a href=\"https:\/\/la-presse-anarchiste.net\/index.php\/2007\/01\/25\/la-negation-est-un-acte\/\">La n\u00e9ga\u00adtion est un acte<\/a> (Mau\u00adrice Imbard)<\/li>\n<li><a href=\"https:\/\/la-presse-anarchiste.net\/index.php\/1945\/10\/01\/ton-corps-je-porte\/\">Ton corps je porte<\/a> (Hen\u00adri Lambert)<\/li>\n<li><a href=\"https:\/\/la-presse-anarchiste.net\/index.php\/1945\/10\/01\/ou-va-lhumanite-4\/\">O\u00f9 va l\u2019humanit\u00e9<\/a> (Ixi\u00adgrec)<\/li>\n<li><a href=\"https:\/\/la-presse-anarchiste.net\/index.php\/1945\/10\/01\/le-bouddhisme-2\/\">Le boud\u00addhisme comme voie de per\u00adfec\u00adtion\u00adne\u00adment indi\u00advi\u00adduel<\/a> (Nex\u00adpos)<\/li>\n<li><a href=\"https:\/\/la-presse-anarchiste.net\/index.php\/1945\/10\/01\/lamento\/\">Lamen\u00adto<\/a> (Paul Jauzin)<\/li>\n<li><a href=\"https:\/\/la-presse-anarchiste.net\/index.php\/1945\/10\/01\/realites-verites-3\/\">R\u00e9a\u00adli\u00adt\u00e9s, v\u00e9ri\u00adt\u00e9s<\/a> (G\u00e9rard de Lacaze-Duthiers)<\/li>\n<li><a href=\"https:\/\/la-presse-anarchiste.net\/index.php\/1945\/10\/01\/haute-ecole-4\/\">Haute \u00e9cole<\/a> (Manuel Devald\u00e8s)<\/li>\n<li>Pages \u00e0 relire&nbsp;<ul>\n<li><a href=\"https:\/\/la-presse-anarchiste.net\/index.php\/1945\/10\/01\/la-theorie-de-lanarchie-2\/\">La th\u00e9o\u00adrie de l\u2019anarchie<\/a> (Paul&nbsp;Ghio)<\/li>\n<\/ul>\n<\/li>\n<li><a href=\"https:\/\/la-presse-anarchiste.net\/index.php\/1945\/10\/01\/le-declin-dun-culte\/\">Le d\u00e9clin d\u2019un culte<\/a> (L. Bar\u00adbe\u00addette, article publi\u00e9 en sa m\u00e9moire)<\/li>\n<li><a href=\"https:\/\/la-presse-anarchiste.net\/index.php\/1945\/10\/01\/laurent-tailhade\/\">Laurent Tail\u00adhade<\/a> (Luoy de Gon\u00adzague&nbsp;Frick)<\/li>\n<li><a href=\"https:\/\/la-presse-anarchiste.net\/index.php\/1945\/10\/01\/en-relisant-stirner\/\">En reli\u00adsant Stir\u00adner<\/a> (J.-P. Sieurac)<\/li>\n<li><a href=\"https:\/\/la-presse-anarchiste.net\/index.php\/1945\/10\/01\/la-liberte-2\/\">La liber\u00adt\u00e9<\/a> (Marie-Claire Maguelonne)<\/li>\n<li><a href=\"https:\/\/la-presse-anarchiste.net\/index.php\/1945\/10\/01\/sur-le-vif-4\/\">Sur le&nbsp;vif<\/a>\n<ul>\n<li>Incons\u00adcience mater\u00adnelle (Can\u00addide)<\/li>\n<\/ul>\n<\/li>\n<li><a href=\"https:\/\/la-presse-anarchiste.net\/index.php\/2007\/10\/01\/comment-choisir-son-compagnon\/\">Com\u00adment choi\u00adsir son com\u00adpa\u00adgnon<\/a> (V\u00e9ra Livinska)<\/li>\n<li><a href=\"https:\/\/la-presse-anarchiste.net\/index.php\/1945\/10\/01\/le-bucher\/\">Le b\u00fbcher<\/a> (M.&nbsp;Grivet-Richard)<\/li>\n<li><a href=\"https:\/\/la-presse-anarchiste.net\/index.php\/1945\/10\/01\/montaigne-et-lamitie\/\">Mon\u00adtaigne et l\u2019amiti\u00e9<\/a> (E. Armand)<\/li>\n<li>L\u2019imprim\u00e9, la sc\u00e8ne, l\u2019\u00e9cran (simple liste non trans\u00adcrite&nbsp;ici)<\/li>\n<li><a href=\"https:\/\/la-presse-anarchiste.net\/index.php\/1945\/10\/01\/bernard-shaw-et-la-desagregation-atomique\/\">Ber\u00adnard Shaw et la d\u00e9sa\u00adgr\u00e9\u00adga\u00adtion atomique<\/a><\/li>\n<li><a href=\"https:\/\/la-presse-anarchiste.net\/index.php\/1945\/10\/01\/la-polygamie-chez-les-premiers-chretiens\/\">La poly\u00adga\u00admie chez les pre\u00admiers chr\u00e9\u00adtiens<\/a> (E. Armand)<\/li>\n<li><a href=\"https:\/\/la-presse-anarchiste.net\/index.php\/1945\/10\/01\/poeme-pour-lamie-2\/\">Po\u00e8mes pour l\u2019amie<\/a> (E. Armand)<\/li>\n<li><a href=\"https:\/\/la-presse-anarchiste.net\/index.php\/1945\/10\/01\/quelques-precisions-necessaires\/\">Quelques pr\u00e9\u00adci\u00adsions n\u00e9ces\u00adsaires<\/a> (E. Armand)<\/li>\n<li><a href=\"https:\/\/la-presse-anarchiste.net\/index.php\/1945\/10\/01\/du-haut-de-mon-mirador-4\/\">Du haut de mon mira\u00addor<\/a> (Qui&nbsp;C\u00e9)<\/li>\n<li><a href=\"https:\/\/la-presse-anarchiste.net\/index.php\/1945\/10\/01\/camaraderie-et-amitie\/\">Cama\u00adra\u00adde\u00adrie et ami\u00adti\u00e9<\/a> (Pam\u00adphi\u00adle\u00adros)<\/li>\n<li><a href=\"https:\/\/la-presse-anarchiste.net\/index.php\/1945\/10\/01\/schopenhauer-et-nietzsche\/\">Scho\u00adpen\u00adhauet et Nietzsche<\/a> (G.&nbsp;G.)<\/li>\n<li>Trois mots aux amis (petite cor\u00adres\u00adpon\u00addance non trans\u00adcrite&nbsp;ici)<\/li>\n<\/ul>\n<p>La sous\u00adcrip\u00adtion (qua\u00adtri\u00e8me liste) pour ce num\u00e9\u00adro s\u2019\u00e9l\u00e8ve \u00e0 10.505 francs.<\/p>\n","protected":false},"excerpt":{"rendered":"<p>Au som\u00admaire&nbsp;: Entre nous (E. Armand) La n\u00e9ga\u00adtion est un acte (Mau\u00adrice Imbard) Ton corps je porte (Hen\u00adri Lam\u00adbert) O\u00f9 va l\u2019humanit\u00e9 (Ixi\u00adgrec) Le boud\u00addhisme comme voie de per\u00adfec\u00adtion\u00adne\u00adment indi\u00advi\u00adduel (Nex\u00adpos) Lamen\u00adto (Paul Jau\u00adzin) R\u00e9a\u00adli\u00adt\u00e9s, v\u00e9ri\u00adt\u00e9s (G\u00e9rard de Lacaze-Duthiers) Haute \u00e9cole (Manuel Deval\u00add\u00e8s) Pages \u00e0 relire&nbsp; La th\u00e9o\u00adrie de l\u2019anarchie (Paul&nbsp;Ghio) Le d\u00e9clin d\u2019un&nbsp;culte&nbsp;[\u2026]<\/p>\n","protected":false},"author":8,"featured_media":5015,"parent":4689,"menu_order":4,"comment_status":"closed","ping_status":"closed","template":"wp-custom-template-cahiers-humanisme-libertaire","meta":{"wp_typography_post_enhancements_disabled":false,"footnotes":""},"categories":[],"tags":[],"ppma_author":[680],"class_list":["post-9476","page","type-page","status-publish","has-post-thumbnail","hentry"],"_links":{"self":[{"href":"https:\/\/la-presse-anarchiste.net\/index.php\/wp-json\/wp\/v2\/pages\/9476","targetHints":{"allow":["GET"]}}],"collection":[{"href":"https:\/\/la-presse-anarchiste.net\/index.php\/wp-json\/wp\/v2\/pages"}],"about":[{"href":"https:\/\/la-presse-anarchiste.net\/index.php\/wp-json\/wp\/v2\/types\/page"}],"author":[{"embeddable":true,"href":"https:\/\/la-presse-anarchiste.net\/index.php\/wp-json\/wp\/v2\/users\/8"}],"replies":[{"embeddable":true,"href":"https:\/\/la-presse-anarchiste.net\/index.php\/wp-json\/wp\/v2\/comments?post=9476"}],"version-history":[{"count":5,"href":"https:\/\/la-presse-anarchiste.net\/index.php\/wp-json\/wp\/v2\/pages\/9476\/revisions"}],"predecessor-version":[{"id":9624,"href":"https:\/\/la-presse-anarchiste.net\/index.php\/wp-json\/wp\/v2\/pages\/9476\/revisions\/9624"}],"up":[{"embeddable":true,"href":"https:\/\/la-presse-anarchiste.net\/index.php\/wp-json\/wp\/v2\/pages\/4689"}],"wp:featuredmedia":[{"embeddable":true,"href":"https:\/\/la-presse-anarchiste.net\/index.php\/wp-json\/wp\/v2\/media\/5015"}],"wp:attachment":[{"href":"https:\/\/la-presse-anarchiste.net\/index.php\/wp-json\/wp\/v2\/media?parent=9476"}],"wp:term":[{"taxonomy":"category","embeddable":true,"href":"https:\/\/la-presse-anarchiste.net\/index.php\/wp-json\/wp\/v2\/categories?post=9476"},{"taxonomy":"post_tag","embeddable":true,"href":"https:\/\/la-presse-anarchiste.net\/index.php\/wp-json\/wp\/v2\/tags?post=9476"},{"taxonomy":"author","embeddable":true,"href":"https:\/\/la-presse-anarchiste.net\/index.php\/wp-json\/wp\/v2\/ppma_author?post=9476"}],"curies":[{"name":"wp","href":"https:\/\/api.w.org\/{rel}","templated":true}]}}