{"id":9782,"date":"1911-12-01T00:00:48","date_gmt":"1911-12-01T00:00:48","guid":{"rendered":"https:\/\/la-presse-anarchiste.net\/?page_id=9782"},"modified":"2025-08-19T05:10:55","modified_gmt":"2025-08-19T05:10:55","slug":"lidee-libre-premiere-serie","status":"publish","type":"page","link":"https:\/\/la-presse-anarchiste.net\/index.php\/lidee-libre-premiere-serie\/","title":{"rendered":"L\u2019Id\u00e9e Libre"},"content":{"rendered":"<div class=\"pdfprnt-buttons pdfprnt-buttons-page pdfprnt-top-right\"><a href=\"https:\/\/la-presse-anarchiste.net\/index.php\/wp-json\/wp\/v2\/pages\/9782?print=pdf\" class=\"pdfprnt-button pdfprnt-button-pdf\" target=\"_blank\"><img decoding=\"async\" src=\"https:\/\/la-presse-anarchiste.net\/wp-content\/plugins\/pdf-print\/images\/pdf.png\" alt=\"image_pdf\" title=\"Afficher le PDF\"><\/a><a href=\"https:\/\/la-presse-anarchiste.net\/index.php\/wp-json\/wp\/v2\/pages\/9782?print=print\" class=\"pdfprnt-button pdfprnt-button-print\" target=\"_blank\"><img decoding=\"async\" src=\"https:\/\/la-presse-anarchiste.net\/wp-content\/plugins\/pdf-print\/images\/print.png\" alt=\"image_print\" title=\"Contenu imprim\u00e9\"><\/a><\/div><p>Cette revue \u00e9tait l\u2019\u0153uvre d\u2019Andr\u00e9 Loru\u00adlot qu\u2019il ani\u00adma (apr\u00e8s avoir lais\u00ads\u00e9 la direc\u00adtion de <em>l\u2019a\u00adnar\u00adchie<\/em> \u00e0 Rirette Ma\u00ee\u00adtre\u00adjean) jusqu\u2019\u00e0 sa mort en&nbsp;1963.<\/p>\n<p>La revue, D\u2019abord de ten\u00addance net\u00adte\u00adment anar\u00adchiste indi\u00advi\u00addua\u00adliste, elle devait \u00e9vo\u00adluer\u200a\u2014\u200asur\u00adtout apr\u00e8s la seconde guerre mon\u00addiale\u200a\u2014\u200avers l\u2019anti-cl\u00e9ricalisme. Les sujets abor\u00add\u00e9s sont extr\u00ea\u00adme\u00adment vari\u00e9s, allant de l\u2019hy\u00adgi\u00e8ne \u00e0 la lit\u00adt\u00e9\u00adra\u00adture en pas\u00adsant par l\u2019an\u00adti\u00admi\u00adli\u00adta\u00adrisme et bien enten\u00addu l\u2019an\u00adti\u00adcl\u00e9\u00adri\u00adca\u00adlisme. <em>L\u2019I\u00add\u00e9e libre<\/em> \u00e9tait avant tout une revue d\u2019i\u00add\u00e9es plus que d\u2019ac\u00adtion, tr\u00e8s sou\u00advent elle semble en rup\u00adture avec l\u2019ac\u00adtua\u00adli\u00adt\u00e9 sociale&nbsp;; inutile d\u2019y cher\u00adcher des infor\u00adma\u00adtions sur l\u2019ac\u00adtua\u00adli\u00adt\u00e9 mili\u00adtante ou&nbsp;autre.&nbsp;<\/p>\n<p>Pour par\u00adler du conte\u00adnu, il me faut pr\u00e9\u00adci\u00adser que sans atteindre les bas-fonds du <em>Bul\u00adle\u00adtin du groupe d\u2019\u00e9\u00adtudes scien\u00adti\u00adfiques<\/em> de Paraf-Javal, on ren\u00adcontre l\u00e0 beau\u00adcoup des tra\u00advers de la presse indi\u00advi\u00addua\u00adliste (plus rare\u00adment com\u00admu\u00adniste-anar\u00adchiste): un scien\u00adtisme sou\u00advent \u00e0 c\u00f4t\u00e9 de la plaque, des cer\u00adti\u00adtudes hygi\u00e9\u00adnistes far\u00adfe\u00adlues pr\u00e9\u00adsen\u00adt\u00e9es comme la pana\u00adc\u00e9e uni\u00adver\u00adselle, des consi\u00add\u00e9\u00adra\u00adtions m\u00e9di\u00adcales par\u00adfois hasar\u00addeuses\u2026 On peut consi\u00add\u00e9\u00adrer tout ceci d\u2019un \u0153il bien\u00adveillant comme \u00e9tant le fruit d\u2019une \u00e9poque. Pour ma part, j\u2019y vois sur\u00adtout le symp\u00adt\u00f4me d\u2019un des grands tra\u00advers du mou\u00adve\u00adment&nbsp;: celui de vou\u00adloir par des\u00adsus tout \u00eatre un \u00ab&nbsp;en-dehors&nbsp;\u00bb. Cette pos\u00adture, fla\u00adgrante dans la presse indi\u00advi\u00addua\u00adliste, n\u2019est pas non plus absente de la presse anar\u00adchiste-com\u00admu\u00adniste, comme si \u00eatre liber\u00adtaire signi\u00adfiait obli\u00adga\u00adtoi\u00adre\u00adment de s\u2019op\u00adpo\u00adser \u00e0 l\u2019o\u00adpi\u00adnion majo\u00adri\u00adtaire (et acces\u00adsoi\u00adre\u00adment donne aux auteurs en ques\u00adtion une atti\u00adtude bien hau\u00adtaine vis-\u00e0-vis du bas trou\u00adpeau des gens \u00ab&nbsp;ordi\u00adnaires&nbsp;\u00bb)\u2026 Ce n\u2019est cer\u00adtai\u00adne\u00adment pas l\u2019un des aspects les plus brillant des mili\u00adtants qui pour\u00adtant ont abat\u00adtu un tra\u00advail consi\u00add\u00e9\u00adrable pour faire avan\u00adcer les mentalit\u00e9s.<\/p>\n<p>Tou\u00adte\u00adfois, je ne vou\u00addrais pas que l\u2019on pense que l\u2019<em>Id\u00e9e libre<\/em> est bonne \u00e0 jeter \u00e0 la benne. Vous y trou\u00adve\u00adrez de tout, et comme par\u00adtout du bon, du tr\u00e8s bon, de l\u2019ex\u00adcellent et du pas\u00adsable. Des articles qui sont encore d\u2019ac\u00adtua\u00adli\u00adt\u00e9 100 ans apr\u00e8s avoir \u00e9t\u00e9 \u00e9crit et des choses bizar\u00adro\u00efdes qui vous feront arbo\u00adrer un ric\u00adtus g\u00ean\u00e9&nbsp;: \u00e0 vous de faire votre tri et c\u2019est un peu le but de ce&nbsp;site.&nbsp;<\/p>\n<p>J\u2019ai d\u00e9ci\u00add\u00e9 de s\u00e9pa\u00adrer la col\u00adlec\u00adtion en deux s\u00e9rie, m\u2019\u00e9\u00adcar\u00adtant ain\u00adsi du choix fait par les tr\u00e8s bons sites biblio\u00adgra\u00adphiques que sont le <a href=\"https:\/\/bianco.ficedl.info\/article1153.html\">Bian\u00adco<\/a> et le <a href=\"https:\/\/cgecaf.ficedl.info\/mot243.html\">CGEAF<\/a>&nbsp;: ils d\u00e9nombrent 3 s\u00e9ries jus\u00adqu\u2019en 1940, s\u00e9pa\u00adrant <sup class=\"numerator\">1911<\/sup>\u2044<sub class=\"denominator\">1913<\/sub> puis <sup class=\"numerator\">1917<\/sup>\u2044<sub class=\"denominator\">1921<\/sub> et enfin <sup class=\"numerator\">1922<\/sup>\u2044<sub class=\"denominator\">1940<\/sub>. Cette s\u00e9pa\u00adra\u00adtion, tr\u00e8s per\u00adti\u00adnente au niveau biblio\u00adgra\u00adphique (pour des consi\u00add\u00e9\u00adra\u00adtions de num\u00e9\u00adro\u00adta\u00adtion), n\u2019a aucun int\u00e9\u00adr\u00eat dans mon optique qui est celui d\u2019une coh\u00e9\u00adrence r\u00e9dac\u00adtion\u00adnelle (choix peut-\u00eatre hasar\u00addeux puisque je n\u2019ai pas \u00e9t\u00e9 en mesure de consul\u00adter les pre\u00admiers num\u00e9\u00adros de la seconde s\u00e9rie)<\/p>\n<p>Der\u00adnier point, les num\u00e9\u00adros de la pre\u00admi\u00e8re s\u00e9rie me sont par\u00adve\u00adnus, \u00e0 une excep\u00adtion pr\u00eat, sans cou\u00adver\u00adture. Je ne crois pas qu\u2019elles conte\u00adnaient des infor\u00adma\u00adtions utiles, mais si tel n\u2019\u00e9\u00adtait pas le cas, je ne suis pas en mesure de les publier.<\/p>\n","protected":false},"excerpt":{"rendered":"<p><sup class=\"numerator\">1911<\/sup>\u2044<sub class=\"denominator\">1940<\/sub><\/p>\n","protected":false},"author":8,"featured_media":0,"parent":0,"menu_order":820,"comment_status":"closed","ping_status":"closed","template":"wp-custom-template-cahiers-humanisme-libertaire","meta":{"wp_typography_post_enhancements_disabled":false,"footnotes":""},"categories":[],"tags":[],"ppma_author":[680],"class_list":["post-9782","page","type-page","status-publish","hentry"],"_links":{"self":[{"href":"https:\/\/la-presse-anarchiste.net\/index.php\/wp-json\/wp\/v2\/pages\/9782","targetHints":{"allow":["GET"]}}],"collection":[{"href":"https:\/\/la-presse-anarchiste.net\/index.php\/wp-json\/wp\/v2\/pages"}],"about":[{"href":"https:\/\/la-presse-anarchiste.net\/index.php\/wp-json\/wp\/v2\/types\/page"}],"author":[{"embeddable":true,"href":"https:\/\/la-presse-anarchiste.net\/index.php\/wp-json\/wp\/v2\/users\/8"}],"replies":[{"embeddable":true,"href":"https:\/\/la-presse-anarchiste.net\/index.php\/wp-json\/wp\/v2\/comments?post=9782"}],"version-history":[{"count":6,"href":"https:\/\/la-presse-anarchiste.net\/index.php\/wp-json\/wp\/v2\/pages\/9782\/revisions"}],"predecessor-version":[{"id":9789,"href":"https:\/\/la-presse-anarchiste.net\/index.php\/wp-json\/wp\/v2\/pages\/9782\/revisions\/9789"}],"wp:attachment":[{"href":"https:\/\/la-presse-anarchiste.net\/index.php\/wp-json\/wp\/v2\/media?parent=9782"}],"wp:term":[{"taxonomy":"category","embeddable":true,"href":"https:\/\/la-presse-anarchiste.net\/index.php\/wp-json\/wp\/v2\/categories?post=9782"},{"taxonomy":"post_tag","embeddable":true,"href":"https:\/\/la-presse-anarchiste.net\/index.php\/wp-json\/wp\/v2\/tags?post=9782"},{"taxonomy":"author","embeddable":true,"href":"https:\/\/la-presse-anarchiste.net\/index.php\/wp-json\/wp\/v2\/ppma_author?post=9782"}],"curies":[{"name":"wp","href":"https:\/\/api.w.org\/{rel}","templated":true}]}}